{"id":916,"date":"2016-06-08T09:47:31","date_gmt":"2016-06-08T09:47:31","guid":{"rendered":"https:\/\/dev1.cief.org\/?page_id=916"},"modified":"2017-07-13T14:02:19","modified_gmt":"2017-07-13T14:02:19","slug":"appel-a-communications-informations-generales","status":"publish","type":"page","link":"https:\/\/dev1.cief.org\/?page_id=916","title":{"rendered":"Appel \u00e0 communications \u2013 Informations g\u00e9n\u00e9rales"},"content":{"rendered":"<h3>Th\u00e8me directeur du congr\u00e8s 2017\u00a0: L\u2019\u00eele et son autre, la francophonie en Relation<\/h3>\n<h3>Universit\u00e9 des Antilles, P\u00f4le Martinique, Sch\u0153lcher, 26 juin \u2013 2 juillet 2017<\/h3>\n<p><em>\u00eele maljointe \u00eele disjointe \/ toute \u00eele appelle\u00a0\/ toute \u00eele est veuve<br \/>\n<\/em>Aim\u00e9 C\u00e9saire, <em>Cadastre, \u00ab\u00a0Dit d\u2019errance\u00a0\u00bb\u00a0\u00a0\u00a0\u00a0 <\/em><\/p>\n<p><strong><img loading=\"lazy\" class=\"alignleft size-full wp-image-919\" src=\"https:\/\/dev1.cief.org\/wp-content\/uploads\/2016\/06\/martinique.png\" alt=\"martinique\" width=\"207\" height=\"218\" \/> <\/strong>En choisissant La Martinique pour son 31<sup>e<\/sup> Congr\u00e8s, le CI\u00c9F souhaite mettre en valeur la francophonie en Relation\u00a0et sollicite donc des communications portant sur tout ce qui \u00ab\u00a0relie (relaie), relate\u00a0\u00bb (Glissant).<\/p>\n<p>Espace g\u00e9ographique h\u00e9t\u00e9rog\u00e8ne, la Cara\u00efbe est un palimpseste m\u00e9moriel qui porte trace du g\u00e9nocide de ses premiers habitants, de la traite des Noirs et de la plantation esclavagiste, des imp\u00e9rialismes europ\u00e9ens divergents, de l\u2019engagisme et d\u2019autres migrations parfois r\u00e9interpr\u00e9t\u00e9es en nomadisme valoris\u00e9. Chambre d\u2019\u00e9cho pour tous les silences issus du \u00ab\u00a0gouffre-matrice\u00a0\u00bb, l\u2019archipel carib\u00e9en invite au rapprochement \u2013 historique ou ancr\u00e9 dans l\u2019urgence des temps pr\u00e9sents \u2013 avec l\u2019espace cr\u00e9ole de l\u2019oc\u00e9an Indien, avec la M\u00e9diterran\u00e9e, avec toutes les pens\u00e9es du m\u00e9tissage, de la cr\u00e9olisation, de l\u2019hybridit\u00e9, dont on interrogera l\u2019acuit\u00e9 et l\u2019actualit\u00e9. Enfin, \u00e0 partir de ce carrefour des trajectoires transatlantiques et du \u00ab\u00a0partage du sensible\u00a0\u00bb (Ranci\u00e8re) qu\u2019il propose, il s\u2019agira aussi de repenser la francophonie \u00ab\u00a0en pr\u00e9sence de toutes les langues du monde\u00a0\u00bb (Glissant) et l\u2019histoire de ses litt\u00e9ratures comme une histoire, sinon globale, du moins connect\u00e9e.<\/p>\n<p>Les propositions de sessions compl\u00e8tes ou de communications individuelles pourront donc aborder les probl\u00e9matiques suivantes\u00a0:<\/p>\n<ul>\n<li>Les rapports de force et de domination<\/li>\n<li>Les \u00e9changes Nord-Sud, la mondialisation, les cosmopolitismes<\/li>\n<li>Les conflits, les guerres, le colonialisme et la colonialit\u00e9<\/li>\n<li>Le transculturel, la cr\u00e9olisation, les transferts culturels<\/li>\n<li>Communaut\u00e9, nation, universel et diversalit\u00e9<\/li>\n<li>Les rapports de genre, les transgenres et les conflits entre les sexes<\/li>\n<li>Les relations familiales<\/li>\n<li>Les lieux de rencontres et les seuils<\/li>\n<li>Le soi et l\u2019autre<\/li>\n<li>L\u2019ici et l\u2019ailleurs<\/li>\n<li>Les po\u00e9tiques de la travers\u00e9e<\/li>\n<li>Les r\u00e9cits m\u00e9moriels et du temps pr\u00e9sent, le mythe et l\u2019\u00e9pique<\/li>\n<li>Les relations de voyage<\/li>\n<li>Les r\u00e9seaux litt\u00e9raires<\/li>\n<li>L\u2019histoire litt\u00e9raire transatlantique, globale, connect\u00e9e<\/li>\n<li>La transg\u00e9n\u00e9ricit\u00e9, l\u2019interm\u00e9dialit\u00e9, la transtextualit\u00e9<\/li>\n<li>Les relations entre litt\u00e9rature et histoire, litt\u00e9rature et anthropologie, litt\u00e9rature et arts<\/li>\n<li>Traduction, traductologie, imaginaire des langues, intraduisibilit\u00e9<\/li>\n<li>Les langues en contact, le cr\u00e9ole, le chiac, le franglais, le \u00ab\u00a0cr\u00e9ole bor\u00e9al\u00a0\u00bb\u2026<\/li>\n<li>Les relais dans la salle de classe\u00a0: p\u00e9dagogie, litt\u00e9rature et langue<\/li>\n<\/ul>\n<p>Afin d\u2019encourager de mani\u00e8re interdisciplinaire le d\u00e9veloppement des \u00e9tudes, de la recherche, des publications portant sur la litt\u00e9rature, la langue, la culture, les arts et les sciences sociales dans tout le monde francophone, le CI\u00c9F accueille chaque ann\u00e9e \u00e0 son congr\u00e8s un large \u00e9ventail de sessions regroup\u00e9es sous ces cat\u00e9gories. Nous acceptons aussi des propositions <strong>dans lesquelles la francophonie est un facteur principe<\/strong> et qui permettront de rassembler les intervenants autour de probl\u00e9matiques d\u2019actualit\u00e9, sous les grandes cat\u00e9gories de LANGUE-CULTURE-LITT\u00c9RATURE-HISTOIRE-P\u00c9DAGOGIE.<\/p>\n<p>Vous souhaitez participer \u00e0 notre congr\u00e8s en 2017 ? Il y a deux fa\u00e7ons de faire des propositions sur un th\u00e8me li\u00e9 aux \u00e9tudes francophones\u00a0:<\/p>\n<ol>\n<li><strong>Proposer une session compl\u00e8te<\/strong> regroupant trois ou de pr\u00e9f\u00e9rence quatre communications autour d\u2019un th\u00e8me commun.<\/li>\n<\/ol>\n<p>Nous vous encourageons \u00e0 r\u00e9unir des communications autour d\u2019un th\u00e8me avec des collaborateurs membres du CI\u00c9F ou encore \u00e0 lancer un appel \u00e0 communications qui para\u00eetra dans le Bulletin d\u2019automne. Pour ce faire, il faut \u00eatre membre en r\u00e8gle du CI\u00c9F, c\u2019est\u2010\u00e0\u2010dire avoir pay\u00e9 votre adh\u00e9sion (<a href=\"http:\/\/www.cief.org\/formulaires.html#adhesion\">http:\/\/www.cief.org\/formulaires.html#adhesion<\/a>)<\/p>\n<p>Date limite pour <strong>lancer un <\/strong><a href=\"https:\/\/secure.cief.org\/formappel\/\"><strong>appel \u00e0 communications<\/strong><\/a> : <strong>10 septembre 2016<\/strong><\/p>\n<p>Formulaire \u00e0 remplir : <a href=\"https:\/\/secure.cief.org\/formappel\/\">https:\/\/secure.cief.org\/formappel\/<\/a><\/p>\n<p>Date limite pour <strong>proposer une <\/strong><a href=\"https:\/\/secure.cief.org\/formsession\/\"><strong>session compl\u00e8te<\/strong><\/a> : <strong>31\u00a0octobre 2016<\/strong><\/p>\n<p>Formulaire \u00e0 remplir : <a href=\"https:\/\/secure.cief.org\/formsession\/\">https:\/\/secure.cief.org\/formsession\/<\/a><\/p>\n<p><strong>Si vous souhaitez proposer une communication dans une session<\/strong>, veuillez contacter directement le\/la pr\u00e9sident-e de session avant le <strong>20\u00a0octobre 2016. <\/strong>Vous \u00eates pri\u00e9s de proposer votre communication dans <strong>UNE SEULE<\/strong> session.<\/p>\n<ol start=\"2\">\n<li><strong>Proposer une communication individuelle<\/strong><\/li>\n<\/ol>\n<p>Date limite pour proposer une <a href=\"https:\/\/secure.cief.rg.formcommunciation\/\"><strong>communication individuelle<\/strong><\/a> : <strong>31 octobre 2016<\/strong><\/p>\n<p>Formulaire \u00e0 remplir : <a href=\"https:\/\/secure.cief.org\/formcommunication\/\">https:\/\/secure.cief.org\/formcommunication\/<\/a><\/p>\n<p><strong>Les membres sont pri\u00e9s de ne soumettre qu\u2019UNE proposition\u00a0<\/strong>; le cas \u00e9ch\u00e9ant, la proposition faisant partie d\u2019une session compl\u00e8te aura automatiquement priorit\u00e9. <strong>Les propositions individuelles multiples ne seront pas consid\u00e9r\u00e9es.<\/strong> Si votre proposition peut s\u2019ins\u00e9rer dans une des th\u00e9matiques propos\u00e9es ci-dessus, veuillez indiquer la th\u00e9matique pertinente entre parenth\u00e8ses \u00e0 la fin de votre proposition.<\/p>\n<p>Par ailleurs, les membres dont les propositions sont accept\u00e9es doivent s\u2019attendre \u00e0 remplir l\u2019office de pr\u00e9sident ou de secr\u00e9taire de session. Pour faciliter la t\u00e2che des organisateurs, nous vous prions de consulter l\u2019horaire provisoire sur le site Web d\u00e8s le d\u00e9but du mois de f\u00e9vrier et pr\u00e9venir la pr\u00e9sidente (<a href=\"mailto:presidente@cief.org\">presidente@cief.org<\/a>) uniquement dans le cas d\u2019une impossibilit\u00e9 \u00e0 accomplir cette t\u00e2che. Nous comptons sur votre collaboration et vous remercions d\u2019avance.<\/p>\n<p>Pour obtenir des renseignements sur le CI\u00c9F et son congr\u00e8s, pri\u00e8re de consulter notre site web ou de communiquer avec la pr\u00e9sidente du CI\u00c9F, M<sup>me<\/sup> Yolaine Parisot (<a href=\"mailto:presidente@cief.org\">presidente@cief.org<\/a>). Pour en savoir davantage sur le CI\u00c9F et sa revue <em>Nouvelles \u00c9tudes Francophones <\/em>(NEF), veuillez consulter notre site Web : https:\/\/secure.cief.org<\/p>\n<p>Le <strong>Prix Jeune Chercheur<\/strong> est d\u00e9cern\u00e9 chaque ann\u00e9e \u00e0 la meilleure communication doctorante au Congr\u00e8s.<\/p>\n","protected":false},"excerpt":{"rendered":"<p>Th\u00e8me directeur du congr\u00e8s 2017\u00a0: L\u2019\u00eele et son autre, la francophonie en Relation Universit\u00e9 des Antilles, P\u00f4le Martinique, Sch\u0153lcher, 26 juin \u2013 2 juillet 2017 \u00eele maljointe \u00eele disjointe \/ toute \u00eele appelle\u00a0\/ toute \u00eele est veuve Aim\u00e9 C\u00e9saire, Cadastre, \u00ab\u00a0Dit d\u2019errance\u00a0\u00bb\u00a0\u00a0\u00a0\u00a0 En choisissant La Martinique pour son 31e Congr\u00e8s, le CI\u00c9F souhaite mettre en [&hellip;]<\/p>\n","protected":false},"author":1,"featured_media":0,"parent":913,"menu_order":0,"comment_status":"closed","ping_status":"closed","template":"page-congres-2017.php","meta":[],"categories":[13],"tags":[],"_links":{"self":[{"href":"https:\/\/dev1.cief.org\/index.php?rest_route=\/wp\/v2\/pages\/916"}],"collection":[{"href":"https:\/\/dev1.cief.org\/index.php?rest_route=\/wp\/v2\/pages"}],"about":[{"href":"https:\/\/dev1.cief.org\/index.php?rest_route=\/wp\/v2\/types\/page"}],"author":[{"embeddable":true,"href":"https:\/\/dev1.cief.org\/index.php?rest_route=\/wp\/v2\/users\/1"}],"replies":[{"embeddable":true,"href":"https:\/\/dev1.cief.org\/index.php?rest_route=%2Fwp%2Fv2%2Fcomments&post=916"}],"version-history":[{"count":6,"href":"https:\/\/dev1.cief.org\/index.php?rest_route=\/wp\/v2\/pages\/916\/revisions"}],"predecessor-version":[{"id":1020,"href":"https:\/\/dev1.cief.org\/index.php?rest_route=\/wp\/v2\/pages\/916\/revisions\/1020"}],"up":[{"embeddable":true,"href":"https:\/\/dev1.cief.org\/index.php?rest_route=\/wp\/v2\/pages\/913"}],"wp:attachment":[{"href":"https:\/\/dev1.cief.org\/index.php?rest_route=%2Fwp%2Fv2%2Fmedia&parent=916"}],"wp:term":[{"taxonomy":"category","embeddable":true,"href":"https:\/\/dev1.cief.org\/index.php?rest_route=%2Fwp%2Fv2%2Fcategories&post=916"},{"taxonomy":"post_tag","embeddable":true,"href":"https:\/\/dev1.cief.org\/index.php?rest_route=%2Fwp%2Fv2%2Ftags&post=916"}],"curies":[{"name":"wp","href":"https:\/\/api.w.org\/{rel}","templated":true}]}}