{"id":283,"date":"2014-04-04T08:57:28","date_gmt":"2014-04-04T08:57:28","guid":{"rendered":"https:\/\/dev1.cief.org\/?page_id=283"},"modified":"2016-06-10T09:27:03","modified_gmt":"2016-06-10T09:27:03","slug":"hotel-du-congres","status":"publish","type":"page","link":"https:\/\/dev1.cief.org\/?page_id=283","title":{"rendered":"H\u00f4tel du congr\u00e8s"},"content":{"rendered":"<p><strong>Pri\u00e8re de consulter r\u00e9guli\u00e8rement le Bulletin du CI\u00c9F pour les derniers renseignements.<\/strong><\/p>\n<p style=\"text-align: justify;\">Le CI\u00c9F a sign\u00e9 un contrat avec le complexe h\u00f4telier <a href=\"http:\/\/www.lesalyhotel.com\">Saly Hotel \u2013 Les Filaos<\/a>. Le congr\u00e8s\u00a0aura lieu dans ce bel h\u00f4tel situ\u00e9 sur la petite c\u00f4te \u00e0 80 km de Dakar. Ce contrat est tr\u00e8s avantageux pour les congressistes (20 \u00c0 30% de r\u00e9duction) et garantit une chambre pour toute r\u00e9servation faite avant le 1<sup>er<\/sup>\u00a0mars. Ce contrat vous permet \u00e9galement de b\u00e9n\u00e9ficier du tarif congr\u00e8s trois jours avant et trois jours apr\u00e8s le congr\u00e8s. Vous trouverez toutes les informations utiles sur\u00a0<b><a href=\"https:\/\/dev1.cief.org\/wp-content\/uploads\/2015\/12\/fichereservation.docx\">la fiche de r\u00e9servation<\/a><\/b>. Si vous ne faites pas de r\u00e9servation avec cet h\u00f4tel, il vous sera difficile de trouver une chambre d\u2019h\u00f4tel qui soit tout pr\u00e8s du congr\u00e8s. Notez que l\u2019h\u00f4tel offre un service de transport payant a\u00e9roport-h\u00f4tel-a\u00e9roport (Cf.\u00a0<b><a href=\"https:\/\/dev1.cief.org\/wp-content\/uploads\/2015\/12\/fichereservation.docx\">la fiche de r\u00e9servation<\/a><\/b>) et nous encourageons vivement les congressistes \u00e0 utiliser ce moyen de transport s\u00fbr. Comme c\u2019est le cas dans de nombreux pays en d\u00e9veloppement, au S\u00e9n\u00e9gal il faut g\u00e9n\u00e9ralement n\u00e9gocier le tarif des taxis et les occidentaux payent le prix fort.<\/p>\n<div id=\"attachment_746\" style=\"width: 310px\" class=\"wp-caption alignleft\"><a href=\"https:\/\/dev1.cief.org\/wp-content\/uploads\/2015\/12\/restaurantfilaos.jpg\" rel=\"attachment wp-att-746\"><img aria-describedby=\"caption-attachment-746\" loading=\"lazy\" class=\"size-medium wp-image-746\" src=\"https:\/\/dev1.cief.org\/wp-content\/uploads\/2015\/12\/restaurantfilaos-300x200.jpg\" alt=\"Restaurant - Filaos\" width=\"300\" height=\"200\" srcset=\"https:\/\/dev1.cief.org\/wp-content\/uploads\/2015\/12\/restaurantfilaos-300x200.jpg 300w, https:\/\/dev1.cief.org\/wp-content\/uploads\/2015\/12\/restaurantfilaos-768x512.jpg 768w, https:\/\/dev1.cief.org\/wp-content\/uploads\/2015\/12\/restaurantfilaos-1024x683.jpg 1024w, https:\/\/dev1.cief.org\/wp-content\/uploads\/2015\/12\/restaurantfilaos-140x94.jpg 140w, https:\/\/dev1.cief.org\/wp-content\/uploads\/2015\/12\/restaurantfilaos.jpg 1353w\" sizes=\"(max-width: 300px) 100vw, 300px\" \/><\/a><p id=\"caption-attachment-746\" class=\"wp-caption-text\">Restaurant &#8211; Filaos<\/p><\/div>\n<div id=\"attachment_750\" style=\"width: 310px\" class=\"wp-caption alignright\"><a href=\"https:\/\/dev1.cief.org\/wp-content\/uploads\/2015\/12\/salyhoteldouble.jpg\" rel=\"attachment wp-att-750\"><img aria-describedby=\"caption-attachment-750\" loading=\"lazy\" class=\"size-medium wp-image-750\" src=\"https:\/\/dev1.cief.org\/wp-content\/uploads\/2015\/12\/salyhoteldouble-300x171.jpg\" alt=\"H\u00f4tel Saly double\" width=\"300\" height=\"171\" srcset=\"https:\/\/dev1.cief.org\/wp-content\/uploads\/2015\/12\/salyhoteldouble-300x171.jpg 300w, https:\/\/dev1.cief.org\/wp-content\/uploads\/2015\/12\/salyhoteldouble-768x438.jpg 768w, https:\/\/dev1.cief.org\/wp-content\/uploads\/2015\/12\/salyhoteldouble.jpg 1024w, https:\/\/dev1.cief.org\/wp-content\/uploads\/2015\/12\/salyhoteldouble-95x54.jpg 95w\" sizes=\"(max-width: 300px) 100vw, 300px\" \/><\/a><p id=\"caption-attachment-750\" class=\"wp-caption-text\">H\u00f4tel Saly double<\/p><\/div>\n<div id=\"attachment_751\" style=\"width: 310px\" class=\"wp-caption alignright\"><a href=\"https:\/\/dev1.cief.org\/wp-content\/uploads\/2015\/12\/salyhotelbungalow.jpg\" rel=\"attachment wp-att-751\"><img aria-describedby=\"caption-attachment-751\" loading=\"lazy\" class=\"size-medium wp-image-751\" src=\"https:\/\/dev1.cief.org\/wp-content\/uploads\/2015\/12\/salyhotelbungalow-300x200.jpg\" alt=\"Bungalow - H\u00f4tel Saly\" width=\"300\" height=\"200\" srcset=\"https:\/\/dev1.cief.org\/wp-content\/uploads\/2015\/12\/salyhotelbungalow-300x200.jpg 300w, https:\/\/dev1.cief.org\/wp-content\/uploads\/2015\/12\/salyhotelbungalow-768x512.jpg 768w, https:\/\/dev1.cief.org\/wp-content\/uploads\/2015\/12\/salyhotelbungalow.jpg 1024w, https:\/\/dev1.cief.org\/wp-content\/uploads\/2015\/12\/salyhotelbungalow-140x94.jpg 140w\" sizes=\"(max-width: 300px) 100vw, 300px\" \/><\/a><p id=\"caption-attachment-751\" class=\"wp-caption-text\">Bungalow &#8211; H\u00f4tel Saly<\/p><\/div>\n<div id=\"attachment_747\" style=\"width: 294px\" class=\"wp-caption alignleft\"><a href=\"https:\/\/dev1.cief.org\/wp-content\/uploads\/2015\/12\/salyhotelpiscine.jpg\" rel=\"attachment wp-att-747\"><img aria-describedby=\"caption-attachment-747\" loading=\"lazy\" class=\" wp-image-747\" src=\"https:\/\/dev1.cief.org\/wp-content\/uploads\/2015\/12\/salyhotelpiscine-300x200.jpg\" alt=\"Piscine - H\u00f4tel Saly\" width=\"284\" height=\"189\" srcset=\"https:\/\/dev1.cief.org\/wp-content\/uploads\/2015\/12\/salyhotelpiscine-300x200.jpg 300w, https:\/\/dev1.cief.org\/wp-content\/uploads\/2015\/12\/salyhotelpiscine-768x512.jpg 768w, https:\/\/dev1.cief.org\/wp-content\/uploads\/2015\/12\/salyhotelpiscine.jpg 1024w, https:\/\/dev1.cief.org\/wp-content\/uploads\/2015\/12\/salyhotelpiscine-140x94.jpg 140w\" sizes=\"(max-width: 284px) 100vw, 284px\" \/><\/a><p id=\"caption-attachment-747\" class=\"wp-caption-text\">Piscine &#8211; H\u00f4tel Saly<\/p><\/div>\n<p>&nbsp;<\/p>\n<p>&nbsp;<\/p>\n<div id=\"attachment_749\" style=\"width: 310px\" class=\"wp-caption alignright\"><a href=\"https:\/\/dev1.cief.org\/wp-content\/uploads\/2015\/12\/filaosdouble.jpg\" rel=\"attachment wp-att-749\"><img aria-describedby=\"caption-attachment-749\" loading=\"lazy\" class=\"size-medium wp-image-749\" src=\"https:\/\/dev1.cief.org\/wp-content\/uploads\/2015\/12\/filaosdouble-300x188.jpg\" alt=\"Filaos double\" width=\"300\" height=\"188\" srcset=\"https:\/\/dev1.cief.org\/wp-content\/uploads\/2015\/12\/filaosdouble-300x188.jpg 300w, https:\/\/dev1.cief.org\/wp-content\/uploads\/2015\/12\/filaosdouble-768x480.jpg 768w, https:\/\/dev1.cief.org\/wp-content\/uploads\/2015\/12\/filaosdouble.jpg 1024w\" sizes=\"(max-width: 300px) 100vw, 300px\" \/><\/a><p id=\"caption-attachment-749\" class=\"wp-caption-text\">Filaos double<\/p><\/div>\n<div id=\"attachment_748\" style=\"width: 310px\" class=\"wp-caption alignleft\"><a href=\"https:\/\/dev1.cief.org\/wp-content\/uploads\/2015\/12\/hotelsalyspa.jpg\" rel=\"attachment wp-att-748\"><img aria-describedby=\"caption-attachment-748\" loading=\"lazy\" class=\"size-medium wp-image-748\" src=\"https:\/\/dev1.cief.org\/wp-content\/uploads\/2015\/12\/hotelsalyspa-300x164.jpg\" alt=\"Spa - H\u00f4tel Saly\" width=\"300\" height=\"164\" srcset=\"https:\/\/dev1.cief.org\/wp-content\/uploads\/2015\/12\/hotelsalyspa-300x164.jpg 300w, https:\/\/dev1.cief.org\/wp-content\/uploads\/2015\/12\/hotelsalyspa-768x419.jpg 768w, https:\/\/dev1.cief.org\/wp-content\/uploads\/2015\/12\/hotelsalyspa-1024x559.jpg 1024w, https:\/\/dev1.cief.org\/wp-content\/uploads\/2015\/12\/hotelsalyspa.jpg 1980w\" sizes=\"(max-width: 300px) 100vw, 300px\" \/><\/a><p id=\"caption-attachment-748\" class=\"wp-caption-text\">Spa &#8211; H\u00f4tel Saly<\/p><\/div>\n","protected":false},"excerpt":{"rendered":"<p>Pri\u00e8re de consulter r\u00e9guli\u00e8rement le Bulletin du CI\u00c9F pour les derniers renseignements. Le CI\u00c9F a sign\u00e9 un contrat avec le complexe h\u00f4telier Saly Hotel \u2013 Les Filaos. Le congr\u00e8s\u00a0aura lieu dans ce bel h\u00f4tel situ\u00e9 sur la petite c\u00f4te \u00e0 80 km de Dakar. Ce contrat est tr\u00e8s avantageux pour les congressistes (20 \u00c0 30% [&hellip;]<\/p>\n","protected":false},"author":1,"featured_media":0,"parent":265,"menu_order":0,"comment_status":"closed","ping_status":"open","template":"page-congres-2016.php","meta":[],"categories":[4,12],"tags":[],"_links":{"self":[{"href":"https:\/\/dev1.cief.org\/index.php?rest_route=\/wp\/v2\/pages\/283"}],"collection":[{"href":"https:\/\/dev1.cief.org\/index.php?rest_route=\/wp\/v2\/pages"}],"about":[{"href":"https:\/\/dev1.cief.org\/index.php?rest_route=\/wp\/v2\/types\/page"}],"author":[{"embeddable":true,"href":"https:\/\/dev1.cief.org\/index.php?rest_route=\/wp\/v2\/users\/1"}],"replies":[{"embeddable":true,"href":"https:\/\/dev1.cief.org\/index.php?rest_route=%2Fwp%2Fv2%2Fcomments&post=283"}],"version-history":[{"count":17,"href":"https:\/\/dev1.cief.org\/index.php?rest_route=\/wp\/v2\/pages\/283\/revisions"}],"predecessor-version":[{"id":762,"href":"https:\/\/dev1.cief.org\/index.php?rest_route=\/wp\/v2\/pages\/283\/revisions\/762"}],"up":[{"embeddable":true,"href":"https:\/\/dev1.cief.org\/index.php?rest_route=\/wp\/v2\/pages\/265"}],"wp:attachment":[{"href":"https:\/\/dev1.cief.org\/index.php?rest_route=%2Fwp%2Fv2%2Fmedia&parent=283"}],"wp:term":[{"taxonomy":"category","embeddable":true,"href":"https:\/\/dev1.cief.org\/index.php?rest_route=%2Fwp%2Fv2%2Fcategories&post=283"},{"taxonomy":"post_tag","embeddable":true,"href":"https:\/\/dev1.cief.org\/index.php?rest_route=%2Fwp%2Fv2%2Ftags&post=283"}],"curies":[{"name":"wp","href":"https:\/\/api.w.org\/{rel}","templated":true}]}}