{"id":10130,"date":"2017-07-13T13:22:04","date_gmt":"2017-07-13T13:22:04","guid":{"rendered":"https:\/\/dev1.cief.org\/?page_id=10130"},"modified":"2018-06-15T08:54:24","modified_gmt":"2018-06-15T08:54:24","slug":"appel-a-communications-informations-generales","status":"publish","type":"page","link":"https:\/\/dev1.cief.org\/?page_id=10130","title":{"rendered":"Appel \u00e0 communications \u2013 Informations g\u00e9n\u00e9rales"},"content":{"rendered":"<h4 style=\"text-align: center;\"><span style=\"color: #008000;\">Th\u00e8me directeur du congr\u00e8s 2018 :\u00a0 Passage : m\u00e9diation et transition<\/span><br \/>\n<span style=\"color: #008000;\">La Rochelle, 4 au 10 juin 2018<\/span><\/h4>\n<p>La ville de La Rochelle, \u00ab belle et rebelle \u00bb, invite qu\u2019on se penche sur les th\u00e8mes du passage, de la m\u00e9diation et de la transition. Ville de p\u00eacheurs, \u00e0 l\u2019origine, puis port de mer, elle marque la fronti\u00e8re entre le monde terrestre et le monde aquatique. Ville protestante, dans la France catholique du XVI et XVIIe si\u00e8cles, elle favorise les \u00e9changes \u00e9conomiques et culturels. Mais aussi ville d\u2019\u00e9migration vers la Nouvelle-France, les Antilles et l\u2019Afrique, au XVIIIe si\u00e8cle, elle devient le lieu \u00e0 partir duquel s\u2019entame la grande travers\u00e9e vers le Nouveau-Monde. C\u2019est ainsi que La Rochelle, nous inspire le th\u00e8me du 32e Congr\u00e8s du CIEF.<\/p>\n<p>Le passage renvoie \u00e0 la fois au point de d\u00e9part, au d\u00e9placement, au trajet et \u00e0 l\u2019arriv\u00e9e. Il impose des transitions, des m\u00e9diations, il prend forme dans des lieux ou des espaces et sollicite la pr\u00e9sence de passeurs et de facilitateurs. Le passage peut \u00e9galement \u00eatre temporel et \u00e9voquer la transition d\u2019une \u00e9poque \u00e0 une autre, que ce soit celle de la culture orale \u00e0 la culture \u00e9crite ou de la modernit\u00e9 \u00e0 la postmodernit\u00e9. La notion de passage ouvre donc la porte \u00e0 une multitude de questionnements, d\u2019objets d\u2019\u00e9tudes et de probl\u00e9matiques. En choisissant La Rochelle pour son 32e Congr\u00e8s, le CI\u00c9F souhaite mettre en valeur les nombreux types de passages qui fa\u00e7onnent la francophonie, ses litt\u00e9ratures, ses pratiques artistiques, son histoire et sa g\u00e9ographie. Plusieurs axes de recherches peuvent \u00eatre envisag\u00e9s<br \/>\n&#8211; Travers\u00e9es et fronti\u00e8res<br \/>\n&#8211; Migration, \u00e9migration, immigration<br \/>\n&#8211; Voyages<br \/>\n&#8211; Diasporas<br \/>\n&#8211; Conversions<br \/>\n&#8211; Lieux de passages, seuils et portes<br \/>\n&#8211; Rites de passages<br \/>\n&#8211; Inclusion et exclusion<br \/>\n&#8211; Identit\u00e9s et m\u00e9tissages<br \/>\n&#8211; Accessibilit\u00e9 et inaccessibilit\u00e9<br \/>\n&#8211; Travers\u00e9es, franchissements et d\u00e9rives<br \/>\n&#8211; Mutations<br \/>\n&#8211; Transition d\u2019une \u00e9poque \u00e0 l\u2019autre<br \/>\n&#8211; Transmission, filiations, g\u00e9n\u00e9rations<br \/>\n&#8211; Multiculturel, interculturel et transculturel<br \/>\n&#8211; Interm\u00e9dialit\u00e9, intextualit\u00e9 et interg\u00e9n\u00e9ricit\u00e9<br \/>\n&#8211; M\u00e9diation culturelle<br \/>\n&#8211; R\u00e9seaux litt\u00e9raires et r\u00e9seaux sociaux<br \/>\n&#8211; Enseignement<br \/>\n&#8211; Critique, lecture et r\u00e9ception<br \/>\n&#8211; Traduction et autotraduction<\/p>\n<p>Afin d\u2019encourager de mani\u00e8re interdisciplinaire le d\u00e9veloppement des \u00e9tudes, de la recherche, des publications portant sur la litt\u00e9rature, la langue, la culture, les arts et les sciences sociales dans tout le monde francophone, le CI\u00c9F accueille chaque ann\u00e9e \u00e0 son congr\u00e8s un large \u00e9ventail de sessions regroup\u00e9es sous ces cat\u00e9gories. Nous acceptons aussi des propositions dans lesquelles la francophonie est un facteur principe et qui permettront de rassembler les intervenants autour de probl\u00e9matiques d\u2019actualit\u00e9, sous les grandes cat\u00e9gories de LANGUE-CULTURE-LITT\u00c9RATURE-HISTOIRE-P\u00c9DAGOGIE.<\/p>\n<p>Vous souhaitez participer \u00e0 notre congr\u00e8s en 2018 ? Il y a deux fa\u00e7ons de faire des propositions sur un th\u00e8me li\u00e9 aux \u00e9tudes francophones :<\/p>\n<p>1. <strong>Proposer une session compl\u00e8te<\/strong> regroupant trois ou de pr\u00e9f\u00e9rence quatre communications autour d\u2019un th\u00e8me commun.<br \/>\nNous vous encourageons \u00e0 r\u00e9unir des communications autour d\u2019un th\u00e8me avec des collaborateurs membres du CI\u00c9F ou encore \u00e0 lancer un appel \u00e0 communications qui para\u00eetra dans le Bulletin d\u2019automne. Pour ce faire, il faut \u00eatre membre en r\u00e8gle du CI\u00c9F, c\u2019est\u2010\u00e0\u2010dire avoir pay\u00e9 votre adh\u00e9sion (<a href=\"https:\/\/dev1.cief.org\/formadhesion\/adhesion_step1.php#\">https:\/\/dev1.cief.org\/formadhesion\/adhesion_step1.php#<\/a>)<strong><span style=\"color: #800000;\">Date limite pour lancer un appel \u00e0 communications : 10 septembre 2017<\/span><\/strong><br \/>\nFormulaire \u00e0 remplir : <a href=\"https:\/\/dev1.cief.org\/formappel\/\">https:\/\/dev1.cief.org\/formappel\/<\/a><br \/>\n<strong><span style=\"color: #800000;\">Date limite pour proposer une session compl\u00e8te : 31 octobre 2017<\/span><\/strong><br \/>\nFormulaire \u00e0 remplir : <a href=\"https:\/\/dev1.cief.org\/formsession\/\">https:\/\/dev1.cief.org\/formsession\/<\/a><br \/>\nSi vous souhaitez proposer une communication dans une session, veuillez contacter directement le\/la pr\u00e9sident-e de session avant le 10 octobre 2017. <strong><span style=\"color: #800000;\">Vous \u00eates pri\u00e9s de proposer votre communication dans UNE SEULE session.<\/span><\/strong><\/p>\n<p>2. <strong>Proposer une communication individuelle<\/strong><br \/>\n<strong><span style=\"color: #800000;\">Date limite pour proposer une communication individuelle : 31 octobre 2017<\/span><\/strong><br \/>\nFormulaire \u00e0 remplir : <a href=\"https:\/\/dev1.cief.org\/formcommunication\/\">https:\/\/dev1.cief.org\/formcommunication\/<\/a><br \/>\n<strong>Les membres sont pri\u00e9s de ne soumettre qu\u2019UNE proposition<\/strong> ; le cas \u00e9ch\u00e9ant, la proposition faisant partie d\u2019une session compl\u00e8te aura automatiquement priorit\u00e9. Les propositions individuelles multiples ne seront pas consid\u00e9r\u00e9es. Si votre proposition peut s\u2019ins\u00e9rer dans une des th\u00e9matiques propos\u00e9es ci-dessus, veuillez indiquer la th\u00e9matique pertinente entre parenth\u00e8ses \u00e0 la fin de votre proposition.<\/p>\n<p>Par ailleurs, les membres dont les propositions sont accept\u00e9es doivent s\u2019attendre \u00e0 remplir l\u2019office de pr\u00e9sident ou de secr\u00e9taire de session. Pour faciliter la t\u00e2che des organisateurs, nous vous prions de consulter l\u2019horaire provisoire sur le site Web d\u00e8s le d\u00e9but du mois de f\u00e9vrier et pr\u00e9venir la pr\u00e9sidente (<a href=\"mailto:pr\u00e9sidente@cief.org\">pr\u00e9sidente@cief.org<\/a>) uniquement dans le cas d\u2019une impossibilit\u00e9 \u00e0 accomplir cette t\u00e2che. Nous comptons sur votre collaboration et vous remercions d\u2019avance.<\/p>\n<p>Pour obtenir des renseignements sur le CI\u00c9F et son congr\u00e8s, pri\u00e8re de consulter notre site web ou de communiquer avec la pr\u00e9sidente du CI\u00c9F, Mme Lucie Hotte (<a href=\"mailto:presidente@cief.org\">presidente@cief.org<\/a>). Pour en savoir davantage sur le CI\u00c9F et sa revue Nouvelles \u00c9tudes Francophones (NEF), veuillez consulter notre site Web : <a href=\"https:\/\/dev1.cief.org\/?page_id=913\">https:\/\/dev1.cief.org\/?page_id=913<\/a><\/p>\n<p>Le Prix Jeune Chercheur est d\u00e9cern\u00e9 chaque ann\u00e9e \u00e0 la meilleure communication doctorante au Congr\u00e8s.<\/p>\n<p>&nbsp;<\/p>\n","protected":false},"excerpt":{"rendered":"<p>Th\u00e8me directeur du congr\u00e8s 2018 :\u00a0 Passage : m\u00e9diation et transition La Rochelle, 4 au 10 juin 2018 La ville de La Rochelle, \u00ab belle et rebelle \u00bb, invite qu\u2019on se penche sur les th\u00e8mes du passage, de la m\u00e9diation et de la transition. Ville de p\u00eacheurs, \u00e0 l\u2019origine, puis port de mer, elle marque [&hellip;]<\/p>\n","protected":false},"author":1,"featured_media":0,"parent":10119,"menu_order":0,"comment_status":"closed","ping_status":"closed","template":"page-congres-2018.php","meta":[],"categories":[21],"tags":[],"_links":{"self":[{"href":"https:\/\/dev1.cief.org\/index.php?rest_route=\/wp\/v2\/pages\/10130"}],"collection":[{"href":"https:\/\/dev1.cief.org\/index.php?rest_route=\/wp\/v2\/pages"}],"about":[{"href":"https:\/\/dev1.cief.org\/index.php?rest_route=\/wp\/v2\/types\/page"}],"author":[{"embeddable":true,"href":"https:\/\/dev1.cief.org\/index.php?rest_route=\/wp\/v2\/users\/1"}],"replies":[{"embeddable":true,"href":"https:\/\/dev1.cief.org\/index.php?rest_route=%2Fwp%2Fv2%2Fcomments&post=10130"}],"version-history":[{"count":4,"href":"https:\/\/dev1.cief.org\/index.php?rest_route=\/wp\/v2\/pages\/10130\/revisions"}],"predecessor-version":[{"id":36364,"href":"https:\/\/dev1.cief.org\/index.php?rest_route=\/wp\/v2\/pages\/10130\/revisions\/36364"}],"up":[{"embeddable":true,"href":"https:\/\/dev1.cief.org\/index.php?rest_route=\/wp\/v2\/pages\/10119"}],"wp:attachment":[{"href":"https:\/\/dev1.cief.org\/index.php?rest_route=%2Fwp%2Fv2%2Fmedia&parent=10130"}],"wp:term":[{"taxonomy":"category","embeddable":true,"href":"https:\/\/dev1.cief.org\/index.php?rest_route=%2Fwp%2Fv2%2Fcategories&post=10130"},{"taxonomy":"post_tag","embeddable":true,"href":"https:\/\/dev1.cief.org\/index.php?rest_route=%2Fwp%2Fv2%2Ftags&post=10130"}],"curies":[{"name":"wp","href":"https:\/\/api.w.org\/{rel}","templated":true}]}}